{"id":181,"date":"2019-07-29T11:57:16","date_gmt":"2019-07-29T15:57:16","guid":{"rendered":"https:\/\/qprn.ca\/?page_id=181"},"modified":"2026-04-22T15:34:10","modified_gmt":"2026-04-22T19:34:10","slug":"gens-qui-souffrent","status":"publish","type":"page","link":"https:\/\/qprn.ca\/fr\/nos-solutions\/gens-qui-souffrent\/","title":{"rendered":"Pour les gens qui vivent avec la douleur et leurs proches"},"content":{"rendered":"\n<div style=\"height:20px\" aria-hidden=\"true\" class=\"wp-block-spacer\"><\/div>\n\n\n\n<div style=\"height:20px\" aria-hidden=\"true\" class=\"wp-block-spacer\"><\/div>\n\n\n\n<h2 class=\"wp-block-heading\">Publications vulgaris\u00e9es<\/h2>\n\n\n\n<div class=\"wp-block-columns is-layout-flex wp-container-core-columns-is-layout-9d6595d7 wp-block-columns-is-layout-flex\">\n<div class=\"wp-block-column is-layout-flow wp-block-column-is-layout-flow\">\n<figure class=\"wp-block-image size-large bnw\"><img loading=\"lazy\" decoding=\"async\" width=\"1400\" height=\"934\" src=\"https:\/\/qprn.ca\/wp-content\/uploads\/2025\/05\/PV_VisuelGeneral-43-1400x934.png\" alt=\"\" class=\"wp-image-18211\" title=\"\" srcset=\"https:\/\/qprn.ca\/wp-content\/uploads\/2025\/05\/PV_VisuelGeneral-43-1400x934.png 1400w, https:\/\/qprn.ca\/wp-content\/uploads\/2025\/05\/PV_VisuelGeneral-43-700x467.png 700w, https:\/\/qprn.ca\/wp-content\/uploads\/2025\/05\/PV_VisuelGeneral-43-768x512.png 768w, https:\/\/qprn.ca\/wp-content\/uploads\/2025\/05\/PV_VisuelGeneral-43-1536x1025.png 1536w, https:\/\/qprn.ca\/wp-content\/uploads\/2025\/05\/PV_VisuelGeneral-43-2048x1366.png 2048w\" sizes=\"auto, (max-width: 1400px) 100vw, 1400px\" \/><\/figure>\n<\/div>\n\n\n\n<div class=\"wp-block-column is-vertically-aligned-center is-layout-flow wp-block-column-is-layout-flow\">\n<p>Le R\u00e9seau douleur et ses membres scientifiques mettent \u00e0 disposition des r\u00e9sum\u00e9s vulgaris\u00e9s d\u2019articles publi\u00e9s dans des revues scientifiques. Les r\u00e9sum\u00e9s sont construits autour concepts et r\u00e9sultats cl\u00e9s en utilisant des termes accessibles \u00e0 la communaut\u00e9 non scientifique. Ces r\u00e9sum\u00e9s vulgaris\u00e9s vous permettent d\u2019en savoir plus sur nos membres, leurs travaux et les avanc\u00e9es de la recherche sur la douleur en sciences cliniques, fondamentales et translationnelles.<\/p>\n\n\n\n<p><strong><a href=\"https:\/\/qprn.ca\/fr\/publications\/?_sft_category=publications-vulgarisees\" target=\"_blank\" rel=\"noreferrer noopener\">En savoir plus<\/a><\/strong><\/p>\n<\/div>\n<\/div>\n\n\n\n<div style=\"height:20px\" aria-hidden=\"true\" class=\"wp-block-spacer\"><\/div>\n\n\n\n<h2 class=\"wp-block-heading\">Vid\u00e9os vulgaris\u00e9es<\/h2>\n\n\n\n<div class=\"wp-block-columns is-layout-flex wp-container-core-columns-is-layout-9d6595d7 wp-block-columns-is-layout-flex\">\n<div class=\"wp-block-column is-layout-flow wp-block-column-is-layout-flow\">\n<figure class=\"wp-block-embed is-type-video is-provider-youtube wp-block-embed-youtube wp-embed-aspect-16-9 wp-has-aspect-ratio\"><div class=\"wp-block-embed__wrapper\">\n<iframe loading=\"lazy\" title=\"Douleur lombaire chronique: Anatomie et traitement\" width=\"1140\" height=\"641\" src=\"https:\/\/www.youtube.com\/embed\/uE52ClEYSCQ?feature=oembed\" frameborder=\"0\" allow=\"accelerometer; autoplay; clipboard-write; encrypted-media; gyroscope; picture-in-picture; web-share\" referrerpolicy=\"strict-origin-when-cross-origin\" allowfullscreen><\/iframe>\n<\/div><\/figure>\n<\/div>\n\n\n\n<div class=\"wp-block-column is-vertically-aligned-center is-layout-flow wp-block-column-is-layout-flow\">\n<p>La cha\u00eene YouTube du R\u00e9seau douleur est incontournable pour avoir acc\u00e8s \u00e0 un grand nombre de vid\u00e9os pouvant faciliter la compr\u00e9hension des m\u00e9canismes de la douleur.<br>Cette chaine pr\u00e9sente des vid\u00e9os de vulgarisation scientifique en format court issues de \u00ab Pleins feux sur la rel\u00e8ve \u00bb, ou en format long issues de \u00ab La parole aux \u00e9tudiants-chercheurs \u00bb. Vous pouvez aussi y retrouver les pr\u00e9sentations enregistr\u00e9es des \u00ab D\u00eeners-Causeries du R\u00e9seau Douleur \u00bb. N\u2019h\u00e9sitez pas \u00e0 vous y abonner pour \u00eatre \u00e0 l\u2019aff\u00fbt lorsque de nouvelles vid\u00e9os sont publi\u00e9es.<\/p>\n\n\n\n<p>Visitez <strong><a href=\"https:\/\/www.youtube.com\/@rqrd-qprn\/playlists\" target=\"_blank\" rel=\"noreferrer noopener\">notre cha\u00eene YouTube<\/a><\/strong> pour en voir plus!<\/p>\n<\/div>\n<\/div>\n\n\n\n<div style=\"height:20px\" aria-hidden=\"true\" class=\"wp-block-spacer\"><\/div>\n\n\n\n<h2 class=\"wp-block-heading\">Balado Parlons douleur<\/h2>\n\n\n\n<div class=\"wp-block-columns is-layout-flex wp-container-core-columns-is-layout-9d6595d7 wp-block-columns-is-layout-flex\">\n<div class=\"wp-block-column is-layout-flow wp-block-column-is-layout-flow\">\n<figure class=\"wp-block-image size-full bnw\"><img loading=\"lazy\" decoding=\"async\" width=\"700\" height=\"467\" src=\"https:\/\/qprn.ca\/wp-content\/uploads\/2022\/10\/Images-website39.png\" alt=\"\" class=\"wp-image-9781\" title=\"\"><\/figure>\n<\/div>\n\n\n\n<div class=\"wp-block-column is-vertically-aligned-center is-layout-flow wp-block-column-is-layout-flow\">\n<p>Parlons Douleur est un balado du R\u00e9seau douleur qui vous pr\u00e9sente les derni\u00e8res avanc\u00e9es de la recherche sur la douleur. Ce balado rassemble les acteurs et actrices de la recherche et du milieu de la sant\u00e9. Il vous plongera dans les discussions passionnantes de chercheuses, chercheurs, personnes cliniciennes, \u00e9tudiantes et patientes partenaires.<br>\u00c9coutez tous nos \u00e9pisodes sur notre <a href=\"https:\/\/qprn.ca\/fr\/2022\/10\/balado-parlons-douleur\/\" target=\"_blank\" rel=\"noreferrer noopener\">site internet<\/a>, notre <a href=\"https:\/\/sites.libsyn.com\/435009\/qprn.ca\" target=\"_blank\" rel=\"noreferrer noopener\">cha\u00eene balado<\/a>, <a href=\"https:\/\/open.spotify.com\/show\/04P0ALwD7ket86YrJBkJsW\" target=\"_blank\" rel=\"noreferrer noopener\">Spotify<\/a>, <a href=\"https:\/\/podcasts.google.com\/feed\/aHR0cHM6Ly9mZWVkcy5saWJzeW4uY29tLzQzNTAwOS9yc3M?sa=X&amp;ved=2ahUKEwjz55K5-IqEAxVCB1kFHTmlC3EQ9sEGegQIARAE&amp;hl=fr-CA\" target=\"_blank\" rel=\"noreferrer noopener\">Google podcast<\/a> ou <a href=\"https:\/\/podcasts.apple.com\/ca\/podcast\/parlons-douleur\/id1652576012\" target=\"_blank\" rel=\"noreferrer noopener\">Apple podcast<\/a>.<\/p>\n\n\n\n<p><strong><a href=\"https:\/\/qprn.ca\/fr\/2022\/10\/balado-parlons-douleur\/\" target=\"_blank\" rel=\"noreferrer noopener\">En savoir plus<\/a><\/strong><\/p>\n<\/div>\n<\/div>\n\n\n\n<div style=\"height:20px\" aria-hidden=\"true\" class=\"wp-block-spacer\"><\/div>\n\n\n\n<h2 class=\"wp-block-heading\">Portail Participation recherche<\/h2>\n\n\n\n<div class=\"wp-block-columns is-layout-flex wp-container-core-columns-is-layout-9d6595d7 wp-block-columns-is-layout-flex\">\n<div class=\"wp-block-column is-layout-flow wp-block-column-is-layout-flow\">\n<figure class=\"wp-block-image size-large bnw\"><img loading=\"lazy\" decoding=\"async\" width=\"1400\" height=\"934\" src=\"https:\/\/qprn.ca\/wp-content\/uploads\/2021\/07\/Final-Liste-de-diffusion-RQRD-1400x934.png\" alt=\"\" class=\"wp-image-6231\" title=\"\" srcset=\"https:\/\/qprn.ca\/wp-content\/uploads\/2021\/07\/Final-Liste-de-diffusion-RQRD-1400x934.png 1400w, https:\/\/qprn.ca\/wp-content\/uploads\/2021\/07\/Final-Liste-de-diffusion-RQRD-700x467.png 700w, https:\/\/qprn.ca\/wp-content\/uploads\/2021\/07\/Final-Liste-de-diffusion-RQRD-768x512.png 768w, https:\/\/qprn.ca\/wp-content\/uploads\/2021\/07\/Final-Liste-de-diffusion-RQRD-1536x1025.png 1536w, https:\/\/qprn.ca\/wp-content\/uploads\/2021\/07\/Final-Liste-de-diffusion-RQRD-2048x1366.png 2048w\" sizes=\"auto, (max-width: 1400px) 100vw, 1400px\" \/><\/figure>\n<\/div>\n\n\n\n<div class=\"wp-block-column is-vertically-aligned-center is-layout-flow wp-block-column-is-layout-flow\">\n<p>Les progr\u00e8s de la recherche sur la douleur reposent sur la participation des personnes ayant une exp\u00e9rience v\u00e9cue de la douleur.<\/p>\n\n\n\n<p>Notre portail de participation \u00e0 la recherche permet aux personnes vivant avec la douleur de connaitre les projets de recherche cliniques actifs en cours de recrutement et approuv\u00e9s par le R\u00e9seau Douleur. Ce portail permet de s\u2019impliquer directement avec l\u2019\u00e9quipe de recherche travaillant sur une th\u00e9matique d\u2019int\u00e9r\u00eat pour soutenir les futures avanc\u00e9es de la recherche. L&rsquo;inscription \u00e0 notre portail ne vous engage \u00e0 rien et vous pouvez vous en d\u00e9sinscrire \u00e0 tout moment. Son unique but est de vous informer des projets en cours en fonction de vos besoins.<\/p>\n\n\n\n<p><strong><a href=\"https:\/\/qprn.ca\/fr\/acces-projet-recherche\/\" target=\"_blank\" rel=\"noreferrer noopener\">En savoir plus<\/a><\/strong><\/p>\n<\/div>\n<\/div>\n\n\n\n<div style=\"height:20px\" aria-hidden=\"true\" class=\"wp-block-spacer\"><\/div>\n\n\n\n<h2 class=\"wp-block-heading\">Devenir Patient partenaire<\/h2>\n\n\n\n<div class=\"wp-block-columns are-vertically-aligned-center is-layout-flex wp-container-core-columns-is-layout-9d6595d7 wp-block-columns-is-layout-flex\">\n<div class=\"wp-block-column is-vertically-aligned-center is-layout-flow wp-block-column-is-layout-flow\">\n<figure class=\"wp-block-image size-full bnw\"><img loading=\"lazy\" decoding=\"async\" width=\"700\" height=\"467\" src=\"https:\/\/qprn.ca\/wp-content\/uploads\/2026\/04\/RQRD_Partenairesaurdv_FR.png\" alt=\"\" class=\"wp-image-21280\" title=\"\"><\/figure>\n<\/div>\n\n\n\n<div class=\"wp-block-column is-vertically-aligned-center is-layout-flow wp-block-column-is-layout-flow\">\n<p>Devenir une personne patiente partenaire est une opportunit\u00e9 de faire valoir son expertise de la douleur v\u00e9cue. Cela permet de s\u2019impliquer dans nos initiatives de recherche en enrichissant la conception et la mise en place de projets de recherche et ainsi contribuer \u00e0 leur pertinence et leur succ\u00e8s.<br>Le R\u00e9seau douleur est fier de collaborer avec plusieurs personnes patientes partenaires qui enrichissent sa mission gr\u00e2ce \u00e0 leur exp\u00e9rience et leur expertise. Le R\u00e9seau Douleur peut \u00e9galement faciliter la mise en relation entre les personnes vivant avec la douleur et ses membres scientifiques.<\/p>\n\n\n\n<p><strong><a href=\"https:\/\/qprn.ca\/fr\/partenaires-au-rendez-vous\/\">En savoir plus<\/a><\/strong><\/p>\n<\/div>\n<\/div>\n\n\n\n<div style=\"height:20px\" aria-hidden=\"true\" class=\"wp-block-spacer\"><\/div>\n\n\n\n<h2 class=\"wp-block-heading\">Question du mois<\/h2>\n\n\n\n<div class=\"wp-block-columns is-layout-flex wp-container-core-columns-is-layout-9d6595d7 wp-block-columns-is-layout-flex\">\n<div class=\"wp-block-column is-layout-flow wp-block-column-is-layout-flow\">\n<figure class=\"wp-block-image size-full bnw\"><img loading=\"lazy\" decoding=\"async\" width=\"700\" height=\"467\" src=\"https:\/\/qprn.ca\/wp-content\/uploads\/2021\/11\/Images-website-FR.jpg\" alt=\"\" class=\"wp-image-7268\" title=\"\"><\/figure>\n<\/div>\n\n\n\n<div class=\"wp-block-column is-vertically-aligned-center is-layout-flow wp-block-column-is-layout-flow\">\n<p>Le R\u00e9seau Douleur a mis en place une ressource d\u00e9di\u00e9e aux questions que les personnes vivant avec la douleur, leur famille ou le grand public se posent \u00e0 propos de la recherche sur la douleur. Le R\u00e9seau douleur, en collaboration avec ses membres et partenaires apportera des r\u00e9ponses aux questions suscitant le plus d\u2019int\u00e9r\u00eat. Les personnes int\u00e9ress\u00e9es pourront poser leurs propres questions, lire les questions et r\u00e9ponses pass\u00e9es, ou encore voter pour des questions existantes.<\/p>\n\n\n\n<p><strong><a href=\"https:\/\/qprn.ca\/fr\/on-repond-a-vos-questions\/\" target=\"_blank\" rel=\"noreferrer noopener\">En savoir plus<\/a><\/strong><\/p>\n<\/div>\n<\/div>\n\n\n\n<div style=\"height:20px\" aria-hidden=\"true\" class=\"wp-block-spacer\"><\/div>\n\n\n\n<h2 class=\"wp-block-heading\">PAINtalks<\/h2>\n\n\n\n<div class=\"wp-block-columns is-layout-flex wp-container-core-columns-is-layout-9d6595d7 wp-block-columns-is-layout-flex\">\n<div class=\"wp-block-column is-layout-flow wp-block-column-is-layout-flow\">\n<figure class=\"wp-block-image size-full bnw\"><img loading=\"lazy\" decoding=\"async\" width=\"700\" height=\"467\" src=\"https:\/\/qprn.ca\/wp-content\/uploads\/2020\/06\/Publication_Paintalks1.jpg\" alt=\"\" class=\"wp-image-1980\" title=\"\"><\/figure>\n<\/div>\n\n\n\n<div class=\"wp-block-column is-vertically-aligned-center is-layout-flow wp-block-column-is-layout-flow\">\n<p>Le PAINtalks est une soir\u00e9e de conf\u00e9rences vulgaris\u00e9es portant sur la th\u00e9matique de la douleur. C\u2019est une initiative bilingue, gratuite et ouverte \u00e0 tous et \u00e0 toutes, qui est inspir\u00e9e par la formule de pr\u00e9sentation \u00ab TED \u00bb. Des conf\u00e9renciers et conf\u00e9renci\u00e8res y partagent leur passion et pr\u00e9sentent leurs travaux de recherche et leurs impacts. Vous pouvez assister \u00e0 la soir\u00e9e des PAINtalks en personne, en diffusion instantan\u00e9e ou en diff\u00e9r\u00e9 sur la chaine YouTube de l\u2019\u00e9v\u00e9nement.<\/p>\n\n\n\n<p><strong><a href=\"https:\/\/www.youtube.com\/@rqecd-qnjpipaintalks9735\/videos\" target=\"_blank\" rel=\"noreferrer noopener\">En savoir plus<\/a><\/strong><\/p>\n<\/div>\n<\/div>\n\n\n\n<div style=\"height:20px\" aria-hidden=\"true\" class=\"wp-block-spacer\"><\/div>\n\n\n\n<h2 class=\"wp-block-heading\">Campagne Priorit\u00e9 douleur<\/h2>\n\n\n\n<div class=\"wp-block-columns is-layout-flex wp-container-core-columns-is-layout-9d6595d7 wp-block-columns-is-layout-flex\">\n<div class=\"wp-block-column is-layout-flow wp-block-column-is-layout-flow\">\n<figure class=\"wp-block-image size-full bnw\"><a href=\"https:\/\/qprn.ca\/fr\/2023\/08\/31\/campagne-priorite-douleur\/\" target=\"_blank\" rel=\"noreferrer noopener\"><img loading=\"lazy\" decoding=\"async\" width=\"700\" height=\"467\" src=\"https:\/\/qprn.ca\/wp-content\/uploads\/2023\/08\/AnnonceCamapgneFR_Web.png\" alt=\"\" class=\"wp-image-12169\" title=\"\"><\/a><\/figure>\n<\/div>\n\n\n\n<div class=\"wp-block-column is-vertically-aligned-center is-layout-flow wp-block-column-is-layout-flow\">\n<p>Le gouvernement du Canada reconna\u00eet les probl\u00e8mes v\u00e9cus par les Canadiens et Canadiennes qui vivent avec la douleur persistante. Le Groupe de travail canadien sur la douleur de Sant\u00e9 Canada a fourni des conseils sur les donn\u00e9es scientifiques et les meilleures pratiques concernant la pr\u00e9vention et la gestion de la douleur persistante. Le R\u00e9seau Douleur vous pr\u00e9sente les conclusions cl\u00e9s li\u00e9es \u00e0 la douleur sous forme de campagne sur les r\u00e9seaux sociaux que vous pouvez partager dans votre communaut\u00e9.<\/p>\n\n\n\n<p><strong><a href=\"https:\/\/qprn.ca\/fr\/2023\/08\/31\/campagne-priorite-douleur\/\" target=\"_blank\" rel=\"noreferrer noopener\">En savoir plus<\/a><\/strong><\/p>\n<\/div>\n<\/div>\n\n\n\n<div style=\"height:20px\" aria-hidden=\"true\" class=\"wp-block-spacer\"><\/div>\n\n\n\n<h2 class=\"wp-block-heading\">D\u00eenerS-causerieS<\/h2>\n\n\n\n<div class=\"wp-block-columns is-layout-flex wp-container-core-columns-is-layout-9d6595d7 wp-block-columns-is-layout-flex\">\n<div class=\"wp-block-column is-layout-flow wp-block-column-is-layout-flow\">\n<figure class=\"wp-block-image size-large bnw\"><img loading=\"lazy\" decoding=\"async\" width=\"1400\" height=\"817\" src=\"https:\/\/qprn.ca\/wp-content\/uploads\/2025\/09\/RQRD-diners-causeries-ANNONCE-FR-1-1400x817.png\" alt=\"\" class=\"wp-image-19169\" title=\"\" srcset=\"https:\/\/qprn.ca\/wp-content\/uploads\/2025\/09\/RQRD-diners-causeries-ANNONCE-FR-1-1400x817.png 1400w, https:\/\/qprn.ca\/wp-content\/uploads\/2025\/09\/RQRD-diners-causeries-ANNONCE-FR-1-768x448.png 768w, https:\/\/qprn.ca\/wp-content\/uploads\/2025\/09\/RQRD-diners-causeries-ANNONCE-FR-1-1536x896.png 1536w, https:\/\/qprn.ca\/wp-content\/uploads\/2025\/09\/RQRD-diners-causeries-ANNONCE-FR-1-2048x1195.png 2048w\" sizes=\"auto, (max-width: 1400px) 100vw, 1400px\" \/><\/figure>\n<\/div>\n\n\n\n<div class=\"wp-block-column is-layout-flow wp-block-column-is-layout-flow\">\n<p>Le RQRD a d\u00e9cid\u00e9 de mettre en place une s\u00e9rie de webinaires dans lesquels les activit\u00e9s du r\u00e9seau et de ses membres seront pr\u00e9sent\u00e9es. Les nouveaux membres pr\u00e9sentent leurs th\u00e8mes et int\u00e9r\u00eats de recherche et r\u00e9pondre aux questions du public. Personnes vivant avec la douleur, les proches et la famille ainsi que toute personne int\u00e9ress\u00e9e par le domaine de la douleur peuvent participer.<\/p>\n\n\n\n<p><strong><a href=\"https:\/\/qprn.ca\/fr\/2024\/11\/22\/serie-webinaire-du-rqrd\/\" target=\"_blank\" rel=\"noreferrer noopener\">En savoir plus<\/a><\/strong><\/p>\n<\/div>\n<\/div>\n\n\n\n<h2 class=\"wp-block-heading\">Association Qu\u00e9b\u00e9coise Douleur Chronique<\/h2>\n\n\n\n<div class=\"wp-block-columns is-layout-flex wp-container-core-columns-is-layout-9d6595d7 wp-block-columns-is-layout-flex\">\n<div class=\"wp-block-column is-layout-flow wp-block-column-is-layout-flow\">\n<figure class=\"wp-block-image size-full bnw\"><img loading=\"lazy\" decoding=\"async\" width=\"700\" height=\"467\" src=\"https:\/\/qprn.ca\/wp-content\/uploads\/2025\/01\/Images-website4.png\" alt=\"\" class=\"wp-image-16824\" title=\"\"><\/figure>\n<\/div>\n\n\n\n<div class=\"wp-block-column is-vertically-aligned-center is-layout-flow wp-block-column-is-layout-flow\">\n<p>L\u2019Association qu\u00e9b\u00e9coise de la douleur chronique (AQDC) a pour mission d\u2019am\u00e9liorer la condition et de r\u00e9duire l\u2019isolement des personnes atteintes de douleur persistante au Qu\u00e9bec.<br>L\u2019AQDC est reconnue comme l\u2019association qui repr\u00e9sente toutes les personnes atteintes par une douleur persistante au Qu\u00e9bec. L\u2019AQDC offre des conf\u00e9rences, une ligne d\u2019entraide ainsi que des groupes de soutien dans diverses r\u00e9gions du Qu\u00e9bec.<\/p>\n\n\n\n<p><strong><a href=\"https:\/\/douleurquebec.ca\/\" rel=\"noopener\">En savoir plus<\/a><\/strong><\/p>\n<\/div>\n<\/div>\n\n\n\n<h2 class=\"wp-block-heading\">Portail de gestion de la douleur<\/h2>\n\n\n\n<div class=\"wp-block-columns is-layout-flex wp-container-core-columns-is-layout-9d6595d7 wp-block-columns-is-layout-flex\">\n<div class=\"wp-block-column is-layout-flow wp-block-column-is-layout-flow\">\n<figure class=\"wp-block-image size-large bnw\"><img loading=\"lazy\" decoding=\"async\" width=\"1400\" height=\"787\" src=\"https:\/\/qprn.ca\/wp-content\/uploads\/2021\/05\/Gerer-ma-douleur-4-1400x787.png\" alt=\"\" class=\"wp-image-5987\" title=\"\" srcset=\"https:\/\/qprn.ca\/wp-content\/uploads\/2021\/05\/Gerer-ma-douleur-4-1400x787.png 1400w, https:\/\/qprn.ca\/wp-content\/uploads\/2021\/05\/Gerer-ma-douleur-4-768x432.png 768w, https:\/\/qprn.ca\/wp-content\/uploads\/2021\/05\/Gerer-ma-douleur-4-1536x864.png 1536w, https:\/\/qprn.ca\/wp-content\/uploads\/2021\/05\/Gerer-ma-douleur-4-2048x1152.png 2048w\" sizes=\"auto, (max-width: 1400px) 100vw, 1400px\" \/><\/figure>\n<\/div>\n\n\n\n<div class=\"wp-block-column is-layout-flow wp-block-column-is-layout-flow\">\n<p>Le portail <a href=\"https:\/\/gerermadouleur.ca\" target=\"_blank\" rel=\"noreferrer noopener\">gerermadouleur.ca<\/a> a \u00e9t\u00e9 lanc\u00e9 en mars 2021 dans le cadre du deuxi\u00e8me colloque provincial sur la douleur persistante, qui regroupe autour de 600 sp\u00e9cialistes du monde la sant\u00e9. Le R\u00e9seau douleur, en partenariat avec la <a href=\"https:\/\/www.ulaval.ca\/etudes\/chaires-de-leadership-en-enseignement\/chaire-de-leadership-en-enseignement-sur-la-douleur-chronique\" target=\"_blank\" rel=\"noreferrer noopener\">Chaire de leadership en enseignement sur la douleur chronique-MEDISCA de l\u2019Universit\u00e9 Laval<\/a>, l\u2019<a href=\"https:\/\/www.ulaval.ca\/etudes\/chaires-de-leadership-en-enseignement\/chaire-de-leadership-en-enseignement-sur-la-douleur-chronique\" target=\"_blank\" rel=\"noreferrer noopener\">Universit\u00e9 TELUQ<\/a>, l\u2019<a href=\"https:\/\/douleurquebec.ca\/\" target=\"_blank\" rel=\"noreferrer noopener\">Association qu\u00e9b\u00e9coise de la douleur chronique<\/a> et les personnes patientes partenaires, sont fi\u00e8res de vous pr\u00e9senter ce portail qui fournit des ressources \u00e9ducatives aux personnes vivant avec la douleur, proches aidantes et professionnelles de la sant\u00e9 afin de regrouper en un seul endroit les connaissances n\u00e9cessaires \u00e0 une am\u00e9lioration de la gestion de la douleur.<\/p>\n\n\n\n<p><strong><a href=\"https:\/\/qprn.ca\/fr\/2021\/09\/23\/portail-de-gestion-de-la-douleur-2\/\" target=\"_blank\" rel=\"noreferrer noopener\">En savoir plus<\/a><\/strong><\/p>\n<\/div>\n<\/div>\n","protected":false},"excerpt":{"rendered":"<p>Publications vulgaris\u00e9es Le R\u00e9seau douleur et ses membres scientifiques mettent \u00e0 disposition des r\u00e9sum\u00e9s vulgaris\u00e9s&#8230;<\/p>\n","protected":false},"author":2,"featured_media":0,"parent":37,"menu_order":0,"comment_status":"closed","ping_status":"closed","template":"","meta":{"_acf_changed":false,"footnotes":""},"class_list":["post-181","page","type-page","status-publish","hentry"],"acf":[],"_links":{"self":[{"href":"https:\/\/qprn.ca\/fr\/wp-json\/wp\/v2\/pages\/181","targetHints":{"allow":["GET"]}}],"collection":[{"href":"https:\/\/qprn.ca\/fr\/wp-json\/wp\/v2\/pages"}],"about":[{"href":"https:\/\/qprn.ca\/fr\/wp-json\/wp\/v2\/types\/page"}],"author":[{"embeddable":true,"href":"https:\/\/qprn.ca\/fr\/wp-json\/wp\/v2\/users\/2"}],"replies":[{"embeddable":true,"href":"https:\/\/qprn.ca\/fr\/wp-json\/wp\/v2\/comments?post=181"}],"version-history":[{"count":2,"href":"https:\/\/qprn.ca\/fr\/wp-json\/wp\/v2\/pages\/181\/revisions"}],"predecessor-version":[{"id":21281,"href":"https:\/\/qprn.ca\/fr\/wp-json\/wp\/v2\/pages\/181\/revisions\/21281"}],"up":[{"embeddable":true,"href":"https:\/\/qprn.ca\/fr\/wp-json\/wp\/v2\/pages\/37"}],"wp:attachment":[{"href":"https:\/\/qprn.ca\/fr\/wp-json\/wp\/v2\/media?parent=181"}],"curies":[{"name":"wp","href":"https:\/\/api.w.org\/{rel}","templated":true}]}}